{"id":1040,"date":"2018-05-28T12:07:50","date_gmt":"2018-05-28T10:07:50","guid":{"rendered":"http:\/\/www.bremasm.com\/termini-e-condizioni-di-utilizzo-del-servizio\/"},"modified":"2018-05-28T12:17:12","modified_gmt":"2018-05-28T10:17:12","slug":"terms-and-conditions-of-use-of-the-service","status":"publish","type":"page","link":"https:\/\/www.bremasm.com\/en\/terms-and-conditions-of-use-of-the-service\/","title":{"rendered":"Privacy Policy"},"content":{"rendered":"<p>I dati forniti a BREMA S.R.L. (di seguito \u201cBrema\u201d), tramite il sito web raggiungibile all\u2019indirizzo www.bremasm.com \u00a0(di seguito \u201cSito\u201d) in occasione dell\u2019utilizzo dei servizi di volta in volta forniti da Brema (di seguito i \u201cServizi\u201d), nonch\u00e9 in altre occasioni di contatto, saranno trattati nel rispetto delle disposizioni vigenti in materia di protezione dei dati personali.<\/p>\n<p>&nbsp;<\/p>\n<p>Si informano gli utenti di quanto segue:<\/p>\n<ol>\n<li><strong>Titolare del trattamento<\/strong><\/li>\n<\/ol>\n<p><strong>1.1<\/strong>\u00a0Titolare del trattamento dei dati personali \u00e8 la societ\u00e0 Brema S.r.l. (di seguito \u201cBrema\u201d o \u201cTitolare del trattamento\u201d) con sede legale in Piazza E. Enriquez, 22\/c a Dogana \u2013 Repubblica di San Marino, iscritta presso la Camera di Commercio di San Marino con il codice operatore n.\u00a0SM 06957, email\u00a0<a href=\"mailto:info@brema.sm\">info@brema.sm<\/a>, fax. 0549-970830, tel. 0549-970966<\/p>\n<p>&nbsp;<\/p>\n<ol>\n<li><strong>Natura dei dati trattati e finalit\u00e0 del trattamento<\/strong><\/li>\n<\/ol>\n<p><strong>2.1.<\/strong>\u00a0Sono trattati i dati personali di utenti maggiori di et\u00e0, ove per dato personale si intende qualunque informazione relativa a persona fisica, identificata o identificabile anche indirettamente mediante riferimento a qualsiasi altra informazione.<\/p>\n<p>I dati oggetto di trattamento sono i) quelli conferiti dall\u2019utente al Titolare del trattamento tramite la compilazione del form a tal fine predisposto, quali dati anagrafici (nome, cognome, indirizzo e-mail), nonch\u00e9 eventuali altri dati che l\u2019utente conferir\u00e0 volontariamente nella richiesta di informazioni ii) quelli raccolti da Brema durante la navigazione sul Sito, quali indirizzo IP, informazioni acquisite tramite cookies) quelli conferiti dall\u2019utente in occasione di altri contatti con il Titolare (nome, cognome, indirizzo e-mail, posizione professionale).<\/p>\n<p><strong>2.2<\/strong>\u00a0Il trattamento dei dati personali dell\u2019utente, ha le seguenti finalit\u00e0:<\/p>\n<ol>\n<li><strong>A)<\/strong>\u00a0rispondere alle richieste di informazioni di qualsiasi natura, degli obblighi previsti dalla legge, da un regolamento o dalla normativa comunitaria nonch\u00e9 per l\u2019esercizio dei propri diritti in sede giudiziaria;<\/li>\n<li><strong>B)<\/strong>\u00a0invio di newsletter e materiale informativo, tramite e-mail e posta cartacea, telefono con operatore, sms, mms, nonch\u00e9 proposte commerciali relative e\/o connesse ai Servizi di Brema;<\/li>\n<\/ol>\n<p>&nbsp;<\/p>\n<ol>\n<li><strong>Natura obbligatoria\/facoltativa del conferimento dei dati<\/strong><\/li>\n<\/ol>\n<p><strong>3.1<\/strong>\u00a0Il conferimento di dati richiesti all\u2019atto dell\u2019attivazione dei Servizi per le finalit\u00e0 di cui alla precedente sezione 2.2A \u00e8 obbligatorio, in quanto strettamente funzionale allo svolgimento dei Servizi richiesti, e all\u2019esecuzione degli obblighi di legge. L\u2019eventuale rifiuto di fornire i dati comporta l\u2019impossibilit\u00e0 per Brema di fornire i Servizi richiesti, e\/o adempiere agli obblighi di legge.<\/p>\n<p><strong>3.2<\/strong>\u00a0Il conferimento di dati richiesti in sede di attivazione dei Servizi per le finalit\u00e0 di cui alla precedente sezione 2.2B \u00e8 facoltativo.<\/p>\n<p>Il rifiuto del consenso per le finalit\u00e0 della sezione 2.2B non impedir\u00e0 la risposta alle richieste dell\u2019utente.<\/p>\n<p>L\u2019utente pu\u00f2 opporsi al trattamento per le finalit\u00e0 di cui alla sezione 2.2B sia inizialmente non prestando il proprio consenso, sia successivamente inviando un\u2019e-mail all\u2019indirizzo\u00a0<a href=\"mailto:info@brema.sm\">info@brema.sm<\/a>, o utilizzando gli strumenti a tal fine predisposti dal Titolare.<\/p>\n<p>&nbsp;<\/p>\n<ol>\n<li><strong>Modalit\u00e0 del trattamento<\/strong><\/li>\n<\/ol>\n<p><strong>4.1<\/strong>\u00a0I dati dell\u2019utente vengono raccolti per via telematica in sede di attivazione dei Servizi richiesti, anche tramite incrocio di dati, nonch\u00e9 tramite l\u2019utilizzo del servizio di posta elettronica.<\/p>\n<p><strong>4.2<\/strong>\u00a0I dati dell\u2019utente verranno trattati mediante operazioni di registrazione, consultazione, comunicazione, conservazione, cancellazione, effettuate con l\u2019ausilio di strumenti elettronici e manualmente, assicurando l\u2019impiego di misure idonee per la sicurezza dei dati trattati e garantendo la riservatezza dei medesimi.<\/p>\n<p><strong>4.3<\/strong>\u00a0I dati dell\u2019utente, memorizzati su supporti elettronici\/magnetici\/informatici\/cartacei, sono custoditi e archiviati su un server sito in San Marino; i dati personali memorizzati su supporti cartacei verranno conservati in appositi registri e\/o schede, la cui conservazione sar\u00e0 attuata con archiviazione in appositi contenitori, custoditi in appositi locali. I dati conservati sul server e\/o in appositi locali sono protetti contro il rischio di intrusione e accesso non autorizzato e sottoposti a misure di sicurezza idonee a garantirne l\u2019integrit\u00e0 e la disponibilit\u00e0.<\/p>\n<p><strong>4.4<\/strong>\u00a0I dati personali verranno trattati da collaboratori e\/o dipendenti di Brema, nell\u2019ambito delle rispettive funzioni ed in conformit\u00e0 alle istruzioni impartite da Brema.<\/p>\n<p><strong>\u00a0<\/strong><\/p>\n<ol>\n<li><strong>Comunicazione dei dati personali<\/strong><\/li>\n<\/ol>\n<p><strong>5.1<\/strong>\u00a0I dati personali potranno essere comunicati a soggetti determinati, per l\u2019espletamento dei Servizi richiesti e per l\u2019adempimento di obblighi normativi.<\/p>\n<p>In particolare, i dati personali dell\u2019utente, verranno comunicati a:<\/p>\n<ol>\n<li>a) soggetti delegati e\/o incaricati da Brema all\u2019espletamento delle attivit\u00e0 o di parte delle attivit\u00e0 correlate all\u2019erogazione dei Servizi richiesti e ogni altro collaboratore esterno cui la comunicazione sia necessaria per il corretto espletamento dei Servizi;<\/li>\n<li>b) Pubbliche Amministrazioni per lo svolgimento delle funzioni istituzionali nei limiti stabiliti dalla legge o dai regolamenti.<\/li>\n<\/ol>\n<p>I dati trattati non saranno soggetti a diffusione.<\/p>\n<ol>\n<li><strong>Diritti dell\u2019utente<\/strong><\/li>\n<\/ol>\n<p><strong>6.1<\/strong>\u00a0L\u2019utente (di seguito anche \u201cinteressato\u201d) ha il diritto di ottenere, in qualsiasi momento, conferma della presenza dei suoi dati personali e degli scopi per i quali i dati vengono trattati. L\u2019utente ha altres\u00ec diritto di chiedere l\u2019aggiornamento, la rettifica, la cancellazione o il blocco dei dati e di opporsi al loro trattamento in tutto o in parte.<\/p>\n<p><strong>6.2<\/strong>\u00a0Qui di seguito sono illustrati i diritti dell\u2019utente in tema di privacy. In particolare:<\/p>\n<p><strong>6.2.1<\/strong>\u00a0L\u2019utente ha diritto di ottenere la conferma che sia o meno in corso un trattamento di dati personali che lo riguardano, e di ottenere l\u2019accesso ai dati personali e alle seguenti informazioni.<\/p>\n<p><strong>6.2.2<\/strong>\u00a0L\u2019utente ha diritto di ottenere l\u2019indicazione:<\/p>\n<ol>\n<li>a) dell\u2019identit\u00e0 e dei dati di contatto del titolare del trattamento e, ove applicabile, del suo rappresentante;<\/li>\n<li>b) dei dati di contatto del responsabile della protezione dei dati, ove applicabile;<\/li>\n<li>c) delle categorie di dati personali, della loro origine, delle finalit\u00e0 del trattamento cui sono destinati i dati personali nonch\u00e9 della base giuridica del trattamento;<\/li>\n<li>d) se presenti, dei legittimi interessi perseguiti dal titolare del trattamento o da terzi;<\/li>\n<li>e) gli eventuali destinatari o le eventuali categorie di destinatari dei dati personali;<\/li>\n<li>f) ove applicabile, dell\u2019intenzione del titolare del trattamento di trasferire dati personali a un paese terzo o a un\u2019organizzazione internazionale e dell\u2019esistenza o dell\u2019assenza di una decisione di adeguatezza della Commissione o del riferimento alle garanzie appropriate o opportune e dei mezzi per ottenere una copia di tali dati o del luogo dove sono stati resi disponibili.<\/li>\n<\/ol>\n<p><strong>6.2.3<\/strong>\u00a0In aggiunta alle informazioni che precedono il Titolare del trattamento informa l\u2019interessato dei seguenti diritti:<\/p>\n<ol>\n<li>a) conoscere il periodo di conservazione dei dati personali oppure, se non \u00e8 possibile, i criteri utilizzati per determinare tale periodo;<\/li>\n<li>b) chiedere al titolare del trattamento l\u2019accesso ai dati personali e la rettifica o la cancellazione degli stessi o la limitazione del trattamento che lo riguardano o di opporsi al loro trattamento, nonch\u00e9 l\u2019esistenza del diritto alla portabilit\u00e0 dei dati;<\/li>\n<li>c) qualora il trattamento sia basato sul consenso dell\u2019utente, l\u2019esistenza del diritto di revocarlo in qualsiasi momento senza pregiudicare la liceit\u00e0 del trattamento basata sul consenso prestato prima della revoca;<\/li>\n<li>d) proporre reclamo a un\u2019autorit\u00e0 di controllo (Garante privacy o analoghi enti comunitari);<\/li>\n<li>e) conoscere se la comunicazione di dati personali \u00e8 un obbligo legale o contrattuale oppure un requisito necessario per la conclusione di un contratto, e se l\u2019interessato ha l\u2019obbligo di fornire i dati personali nonch\u00e9 le possibili conseguenze della mancata comunicazione di tali dati;<\/li>\n<li>f) conoscere l\u2019esistenza di un processo decisionale automatizzato, compresa la profilazione, e, qualora tale processo produca effetti giuridici che lo riguardano o incida in modo significativo sulla sua persona, informazioni significative sulla logica utilizzata, nonch\u00e9 l\u2019importanza e le conseguenze previste in relazione a tale trattamento per l\u2019interessato.<\/li>\n<\/ol>\n<p><strong>6.2.4<\/strong>\u00a0Relativamente ai propri dati personali, l\u2019utente ha il diritto di opporsi in qualsiasi momento:<\/p>\n<ol>\n<li>a) a trattamenti, compresa la profilazione, necessari per il perseguimento del legittimo interesse del Titolare o di terzi;<\/li>\n<li>b) a trattamenti per finalit\u00e0 di marketing diretto, compresa la profilazione nella misura in cui sia connessa a tale marketing diretto.<\/li>\n<\/ol>\n<p><strong>6.2.5<\/strong>\u00a0L\u2019utente ha altres\u00ec il diritto:<\/p>\n<ol>\n<li>a) di ottenere dal titolare del trattamento la rettifica dei dati personali inesatti che lo riguardano senza ingiustificato ritardo. Tenuto conto delle finalit\u00e0 del trattamento, l\u2019interessato ha il diritto di ottenere l\u2019integrazione dei dati personali incompleti, anche fornendo una dichiarazione integrativa;<\/li>\n<li>b) di ricevere in un formato di uso comune e facilmente leggibile i dati personali che lo riguardano e di trasmettere tali dati a un altro titolare del trattamento senza impedimenti;<\/li>\n<li>c) di ottenere dal titolare del trattamento la cancellazione dei dati personali che lo riguardano, connesso all\u2019obbligo del titolare del trattamento di cancellare senza ingiustificato ritardo i dati personali, se sussiste uno dei motivi seguenti:<\/li>\n<\/ol>\n<p>\u2013 i dati personali non sono pi\u00f9 necessari rispetto alle finalit\u00e0 per le quali sono stati raccolti o altrimenti trattati;<\/p>\n<p>\u2013 l\u2019interessato revoca il consenso su cui si basa il trattamento e se non sussiste altro fondamento giuridico per il trattamento;<\/p>\n<p>\u2013 l\u2019interessato si oppone al trattamento e non sussiste alcun motivo legittimo prevalente per procedere al trattamento;<\/p>\n<p>\u2013 i dati personali sono stati trattati illecitamente;<\/p>\n<p>\u2013 i dati personali devono essere cancellati per adempiere un obbligo legale previsto dal diritto dell\u2019Unione o dello Stato membro cui \u00e8 soggetto il titolare del trattamento;<\/p>\n<ol>\n<li>d) di ottenere dal titolare del trattamento una limitazione delle operazioni di trattamento.<\/li>\n<\/ol>\n<p><strong>6.3<\/strong>\u00a0Per esercitare i diritti sopraindicati, nonch\u00e9 per ricevere informazioni relative ai soggetti ai quali i dati vengono comunicati, ovvero ai soggetti che, in qualit\u00e0 di responsabili o incaricati, possono venire a conoscenza dei dati, l\u2019utente potr\u00e0 rivolgersi a Brema, inviando a quest\u2019ultima una richiesta utilizzando i recapiti indicati nella presente informativa e reperibili sul sito e sulle comunicazioni di Brema.<\/p>\n<p>Il titolare del trattamento fornisce all\u2019interessato le informazioni relative all\u2019azione intrapresa riguardo a una richiesta presentata dallo stesso interessato senza ingiustificato ritardo e, comunque, al pi\u00f9 tardi entro un mese dal ricevimento della richiesta stessa. Tale termine pu\u00f2 essere prorogato di due mesi, se necessario, tenuto conto della complessit\u00e0 e del numero delle richieste. Il titolare del trattamento informa l\u2019interessato di tale proroga, e dei motivi del ritardo, entro un mese dal ricevimento della richiesta. Se l\u2019interessato presenta la richiesta mediante mezzi elettronici, le informazioni sono fornite, ove possibile, con mezzi elettronici, salvo diversa indicazione dell\u2019interessato.<\/p>\n<p><strong>\u00a0<\/strong><\/p>\n<ol>\n<li><strong>Durata del trattamento<\/strong><\/li>\n<\/ol>\n<p><strong>7.1<\/strong>\u00a0Il trattamento dei dati personali con riferimento alla finalit\u00e0 di cui alle sezioni 2.2.A avr\u00e0 una durata pari a quella necessaria per l\u2019esecuzione dei Servizi richiesti, a cui andr\u00e0\u00a0 sommato l\u2019ulteriore periodo normativamente previsto in ottemperanza agli obblighi di natura civilistica, fiscale e tributaria vigenti.<\/p>\n<p><strong>7.2<\/strong>\u00a0Il trattamento dei dati personali con riferimento alla finalit\u00e0 di cui alla sezioni 2.2.B (attivit\u00e0 di marketing\/promozionale) avr\u00e0 una durata di 24 mesi decorrenti dalla data di conferimento del consenso.<\/p>\n<p><strong>7.3<\/strong>\u00a0Al termine del periodo di trattamento dei dati, questi ultimi andranno cancellati, ovvero resi anonimi in modo permanente.<\/p>\n<p>&nbsp;<\/p>\n<ol>\n<li><strong>Base giuridica del trattamento<\/strong><\/li>\n<\/ol>\n<p><strong>8.1<\/strong>\u00a0La base giuridica del trattamento \u00e8 costituita dal consenso dell\u2019utente, dall\u2019adempimento di un obbligo contrattuale e dalle disposizioni di legge.<\/p>\n<p><strong>\u00a0<\/strong><\/p>\n<ol>\n<li><strong>Aggiornamenti dell\u2019Informativa sulla Privacy<\/strong><\/li>\n<\/ol>\n<p><strong>9.1<\/strong>\u00a0La presente Informativa sulla Privacy \u00e8 soggetta a revisioni occasionali. Qualora siano introdotte modifiche al trattamento, Brema ne dar\u00e0 opportuna comunicazione all\u2019utente, mediante pubblicazione delle modifiche sul Sito. Ove richiesto dalla normativa vigente, l\u2019utente avr\u00e0 facolt\u00e0 di conferire il proprio consenso agli eventuali nuovi trattamenti. In caso di rifiuto, i dati degli utenti non verranno trattati secondo le modifiche contemplate dall\u2019informativa sulla privacy.<\/p>\n","protected":false},"excerpt":{"rendered":"<p>I dati forniti a BREMA S.R.L. (di seguito \u201cBrema\u201d), tramite il sito web raggiungibile all\u2019indirizzo www.bremasm.com \u00a0(di seguito \u201cSito\u201d) in occasione dell\u2019utilizzo dei servizi di volta in volta forniti da Brema (di seguito i \u201cServizi\u201d), nonch\u00e9 in altre occasioni di contatto, saranno trattati nel rispetto delle disposizioni vigenti in materia di protezione dei dati personali. &hellip;<\/p>\n","protected":false},"author":1,"featured_media":0,"parent":0,"menu_order":0,"comment_status":"closed","ping_status":"closed","template":"","meta":{"_acf_changed":false,"footnotes":""},"class_list":["post-1040","page","type-page","status-publish","hentry"],"acf":[],"_links":{"self":[{"href":"https:\/\/www.bremasm.com\/en\/wp-json\/wp\/v2\/pages\/1040","targetHints":{"allow":["GET"]}}],"collection":[{"href":"https:\/\/www.bremasm.com\/en\/wp-json\/wp\/v2\/pages"}],"about":[{"href":"https:\/\/www.bremasm.com\/en\/wp-json\/wp\/v2\/types\/page"}],"author":[{"embeddable":true,"href":"https:\/\/www.bremasm.com\/en\/wp-json\/wp\/v2\/users\/1"}],"replies":[{"embeddable":true,"href":"https:\/\/www.bremasm.com\/en\/wp-json\/wp\/v2\/comments?post=1040"}],"version-history":[{"count":2,"href":"https:\/\/www.bremasm.com\/en\/wp-json\/wp\/v2\/pages\/1040\/revisions"}],"predecessor-version":[{"id":1043,"href":"https:\/\/www.bremasm.com\/en\/wp-json\/wp\/v2\/pages\/1040\/revisions\/1043"}],"wp:attachment":[{"href":"https:\/\/www.bremasm.com\/en\/wp-json\/wp\/v2\/media?parent=1040"}],"curies":[{"name":"wp","href":"https:\/\/api.w.org\/{rel}","templated":true}]}}